{"id":2038,"date":"2023-09-29T03:26:13","date_gmt":"2023-09-29T03:26:13","guid":{"rendered":"https:\/\/mandarinretail.com\/honey-garlic-ribs\/"},"modified":"2023-10-17T22:39:58","modified_gmt":"2023-10-17T22:39:58","slug":"cotes-levees-de-porc-au-miel-et-a-lail","status":"publish","type":"page","link":"https:\/\/mandarinretail.com\/fr\/cotes-levees-de-porc-au-miel-et-a-lail\/","title":{"rendered":"C\u00f4tes lev\u00e9es de porc au miel et \u00e0 l\u2019ail"},"content":{"rendered":"\t\t<div data-elementor-type=\"wp-page\" data-elementor-id=\"2038\" class=\"elementor elementor-2038 elementor-1752\" data-elementor-post-type=\"page\">\n\t\t\t\t\t\t<section class=\"elementor-section elementor-top-section elementor-element elementor-element-36f4511 elementor-section-full_width elementor-section-height-default elementor-section-height-default\" data-id=\"36f4511\" data-element_type=\"section\" data-e-type=\"section\" data-settings=\"{&quot;background_background&quot;:&quot;classic&quot;}\">\n\t\t\t\t\t\t<div class=\"elementor-container elementor-column-gap-no\">\n\t\t\t\t\t<div class=\"elementor-column elementor-col-100 elementor-top-column elementor-element elementor-element-36761b9\" data-id=\"36761b9\" data-element_type=\"column\" data-e-type=\"column\">\n\t\t\t<div class=\"elementor-widget-wrap elementor-element-populated\">\n\t\t\t\t\t\t<div class=\"elementor-element elementor-element-d854607 elementor-widget elementor-widget-spacer\" data-id=\"d854607\" data-element_type=\"widget\" data-e-type=\"widget\" data-widget_type=\"spacer.default\">\n\t\t\t\t<div class=\"elementor-widget-container\">\n\t\t\t\t\t\t\t<div class=\"elementor-spacer\">\n\t\t\t<div class=\"elementor-spacer-inner\"><\/div>\n\t\t<\/div>\n\t\t\t\t\t\t<\/div>\n\t\t\t\t<\/div>\n\t\t\t\t\t<\/div>\n\t\t<\/div>\n\t\t\t\t\t<\/div>\n\t\t<\/section>\n\t\t\t\t<section class=\"elementor-section elementor-top-section elementor-element elementor-element-6d4df60 elementor-section-boxed elementor-section-height-default elementor-section-height-default\" data-id=\"6d4df60\" data-element_type=\"section\" data-e-type=\"section\" data-settings=\"{&quot;background_background&quot;:&quot;classic&quot;}\">\n\t\t\t\t\t\t\t<div class=\"elementor-background-overlay\"><\/div>\n\t\t\t\t\t\t\t<div class=\"elementor-container elementor-column-gap-default\">\n\t\t\t\t\t<div class=\"elementor-column elementor-col-100 elementor-top-column elementor-element elementor-element-d23bd7d\" data-id=\"d23bd7d\" data-element_type=\"column\" data-e-type=\"column\">\n\t\t\t<div class=\"elementor-widget-wrap elementor-element-populated\">\n\t\t\t\t\t\t<section class=\"elementor-section elementor-inner-section elementor-element elementor-element-d36807e elementor-section-boxed elementor-section-height-default elementor-section-height-default\" data-id=\"d36807e\" data-element_type=\"section\" data-e-type=\"section\">\n\t\t\t\t\t\t<div class=\"elementor-container elementor-column-gap-default\">\n\t\t\t\t\t<div class=\"elementor-column elementor-col-50 elementor-inner-column elementor-element elementor-element-1c57d41\" data-id=\"1c57d41\" data-element_type=\"column\" data-e-type=\"column\">\n\t\t\t<div class=\"elementor-widget-wrap elementor-element-populated\">\n\t\t\t\t\t\t<div class=\"elementor-element elementor-element-d5682a2 elementor-widget elementor-widget-image\" data-id=\"d5682a2\" data-element_type=\"widget\" data-e-type=\"widget\" data-widget_type=\"image.default\">\n\t\t\t\t<div class=\"elementor-widget-container\">\n\t\t\t\t\t\t\t\t\t\t\t\t\t\t\t<img fetchpriority=\"high\" decoding=\"async\" width=\"800\" height=\"320\" src=\"https:\/\/mandarinretail.com\/wp-content\/uploads\/2023\/09\/Mandarin-Honey-Garlic-Pork-Back-Ribs-500g.png\" class=\"attachment-large size-large wp-image-1976\" alt=\"C\u00f4tes d&#039;ail au miel de Mandarin paquet de 500 g\" srcset=\"https:\/\/mandarinretail.com\/wp-content\/uploads\/2023\/09\/Mandarin-Honey-Garlic-Pork-Back-Ribs-500g.png 800w, https:\/\/mandarinretail.com\/wp-content\/uploads\/2023\/09\/Mandarin-Honey-Garlic-Pork-Back-Ribs-500g-300x120.png 300w, https:\/\/mandarinretail.com\/wp-content\/uploads\/2023\/09\/Mandarin-Honey-Garlic-Pork-Back-Ribs-500g-768x307.png 768w\" sizes=\"(max-width: 800px) 100vw, 800px\" title=\"C\u00f4tes d&#039;ail au miel de Mandarin paquet de 500 g\" \/>\t\t\t\t\t\t\t\t\t\t\t\t\t\t\t<\/div>\n\t\t\t\t<\/div>\n\t\t\t\t<div class=\"elementor-element elementor-element-7751c74 elementor-widget elementor-widget-heading\" data-id=\"7751c74\" data-element_type=\"widget\" data-e-type=\"widget\" data-widget_type=\"heading.default\">\n\t\t\t\t<div class=\"elementor-widget-container\">\n\t\t\t\t\t<h4 class=\"elementor-heading-title elementor-size-default\">Enti\u00e8rement cuit<\/h4>\t\t\t\t<\/div>\n\t\t\t\t<\/div>\n\t\t\t\t<div class=\"elementor-element elementor-element-900852d elementor-widget elementor-widget-heading\" data-id=\"900852d\" data-element_type=\"widget\" data-e-type=\"widget\" data-widget_type=\"heading.default\">\n\t\t\t\t<div class=\"elementor-widget-container\">\n\t\t\t\t\t<h1 class=\"elementor-heading-title elementor-size-default\">C\u00f4tes lev\u00e9es de porc au miel et \u00e0 l\u2019ail<\/h1>\t\t\t\t<\/div>\n\t\t\t\t<\/div>\n\t\t\t\t<div class=\"elementor-element elementor-element-a31105a elementor-widget elementor-widget-text-editor\" data-id=\"a31105a\" data-element_type=\"widget\" data-e-type=\"widget\" data-widget_type=\"text-editor.default\">\n\t\t\t\t<div class=\"elementor-widget-container\">\n\t\t\t\t\t\t\t\t\t<p>C\u00f4tes de dos de porc tendres et enti\u00e8rement cuites dans une marinade au miel et \u00e0 l\u2019ail. Comprend 1 carr\u00e9 complet et un sachet de gla\u00e7age au miel pour des c\u00f4tes sucr\u00e9es et collantes. Il suffit de les faire cuire au barbecue, au four ou au micro-ondes.<\/p>\n\t\t\t\t\t\t\t\t<\/div>\n\t\t\t\t<\/div>\n\t\t\t\t\t<\/div>\n\t\t<\/div>\n\t\t\t\t<div class=\"elementor-column elementor-col-50 elementor-inner-column elementor-element elementor-element-cff74c9\" data-id=\"cff74c9\" data-element_type=\"column\" data-e-type=\"column\">\n\t\t\t<div class=\"elementor-widget-wrap\">\n\t\t\t\t\t\t\t<\/div>\n\t\t<\/div>\n\t\t\t\t\t<\/div>\n\t\t<\/section>\n\t\t\t\t<div class=\"elementor-element elementor-element-de911e2 elementor-widget elementor-widget-spacer\" data-id=\"de911e2\" data-element_type=\"widget\" data-e-type=\"widget\" data-widget_type=\"spacer.default\">\n\t\t\t\t<div class=\"elementor-widget-container\">\n\t\t\t\t\t\t\t<div class=\"elementor-spacer\">\n\t\t\t<div class=\"elementor-spacer-inner\"><\/div>\n\t\t<\/div>\n\t\t\t\t\t\t<\/div>\n\t\t\t\t<\/div>\n\t\t\t\t<section class=\"elementor-section elementor-inner-section elementor-element elementor-element-5ba8d69 elementor-section-boxed elementor-section-height-default elementor-section-height-default\" data-id=\"5ba8d69\" data-element_type=\"section\" data-e-type=\"section\">\n\t\t\t\t\t\t<div class=\"elementor-container elementor-column-gap-wide\">\n\t\t\t\t\t<div class=\"elementor-column elementor-col-33 elementor-inner-column elementor-element elementor-element-da409f9\" data-id=\"da409f9\" data-element_type=\"column\" data-e-type=\"column\">\n\t\t\t<div class=\"elementor-widget-wrap elementor-element-populated\">\n\t\t\t\t\t\t<div class=\"elementor-element elementor-element-ba25ddb elementor-widget elementor-widget-heading\" data-id=\"ba25ddb\" data-element_type=\"widget\" data-e-type=\"widget\" data-widget_type=\"heading.default\">\n\t\t\t\t<div class=\"elementor-widget-container\">\n\t\t\t\t\t<h5 class=\"elementor-heading-title elementor-size-default\">Mode de r\u00e9chauffage (frais)<\/h5>\t\t\t\t<\/div>\n\t\t\t\t<\/div>\n\t\t\t\t<div class=\"elementor-element elementor-element-08f19e2 elementor-widget elementor-widget-text-editor\" data-id=\"08f19e2\" data-element_type=\"widget\" data-e-type=\"widget\" data-widget_type=\"text-editor.default\">\n\t\t\t\t<div class=\"elementor-widget-container\">\n\t\t\t\t\t\t\t\t\t<p>Chauffer jusqu\u2019\u00e0 l\u2019atteinte d\u2019une temp\u00e9rature interne de 160 \u00b0F (71 \u00b0C).<\/p>\n\t\t\t\t\t\t\t\t<\/div>\n\t\t\t\t<\/div>\n\t\t\t\t<div class=\"elementor-element elementor-element-a074e94 elementor-widget elementor-widget-image\" data-id=\"a074e94\" data-element_type=\"widget\" data-e-type=\"widget\" data-widget_type=\"image.default\">\n\t\t\t\t<div class=\"elementor-widget-container\">\n\t\t\t\t\t\t\t\t\t\t\t\t\t\t\t<img decoding=\"async\" width=\"800\" height=\"733\" src=\"https:\/\/mandarinretail.com\/wp-content\/uploads\/2023\/09\/icon-oven.png\" class=\"attachment-large size-large wp-image-1986\" alt=\"Ic\u00f4ne de la cuisini\u00e8re et du four\" srcset=\"https:\/\/mandarinretail.com\/wp-content\/uploads\/2023\/09\/icon-oven.png 856w, https:\/\/mandarinretail.com\/wp-content\/uploads\/2023\/09\/icon-oven-300x275.png 300w, https:\/\/mandarinretail.com\/wp-content\/uploads\/2023\/09\/icon-oven-768x703.png 768w\" sizes=\"(max-width: 800px) 100vw, 800px\" title=\"Ic\u00f4ne de la cuisini\u00e8re et du four\" \/>\t\t\t\t\t\t\t\t\t\t\t\t\t\t\t<\/div>\n\t\t\t\t<\/div>\n\t\t\t\t<div class=\"elementor-element elementor-element-74bb5a7 elementor-widget elementor-widget-heading\" data-id=\"74bb5a7\" data-element_type=\"widget\" data-e-type=\"widget\" data-widget_type=\"heading.default\">\n\t\t\t\t<div class=\"elementor-widget-container\">\n\t\t\t\t\t<h5 class=\"elementor-heading-title elementor-size-default\">Oven (Recommended)<\/h5>\t\t\t\t<\/div>\n\t\t\t\t<\/div>\n\t\t\t\t<div class=\"elementor-element elementor-element-ffdd2a4 elementor-widget elementor-widget-text-editor\" data-id=\"ffdd2a4\" data-element_type=\"widget\" data-e-type=\"widget\" data-widget_type=\"text-editor.default\">\n\t\t\t\t<div class=\"elementor-widget-container\">\n\t\t\t\t\t\t\t\t\t<ol>\n<li>Pr\u00e9chauffer le four \u00e0 400 \u00b0F (204 \u00b0C).<\/li>\n<li>Retirer le carr\u00e9 de c\u00f4tes lev\u00e9es de l\u2019emballage et le placer sur une plaque tapiss\u00e9e de papier d\u2019aluminium.<\/li>\n<li>Badigeonner les c\u00f4tes lev\u00e9es de gla\u00e7age au miel et cuire pendant 20 minutes, en regla\u00e7ant toutes les 10 minutes.<\/li>\n<li>Retirer du four, servir et savourer !<\/li>\n<\/ol>\n\t\t\t\t\t\t\t\t<\/div>\n\t\t\t\t<\/div>\n\t\t\t\t<div class=\"elementor-element elementor-element-0f9b0c3 elementor-widget elementor-widget-image\" data-id=\"0f9b0c3\" data-element_type=\"widget\" data-e-type=\"widget\" data-widget_type=\"image.default\">\n\t\t\t\t<div class=\"elementor-widget-container\">\n\t\t\t\t\t\t\t\t\t\t\t\t\t\t\t<img decoding=\"async\" width=\"800\" height=\"505\" src=\"https:\/\/mandarinretail.com\/wp-content\/uploads\/2023\/09\/icon-microwave.png\" class=\"attachment-large size-large wp-image-1989\" alt=\"Ic\u00f4ne micro-ondes\" srcset=\"https:\/\/mandarinretail.com\/wp-content\/uploads\/2023\/09\/icon-microwave.png 856w, https:\/\/mandarinretail.com\/wp-content\/uploads\/2023\/09\/icon-microwave-300x189.png 300w, https:\/\/mandarinretail.com\/wp-content\/uploads\/2023\/09\/icon-microwave-768x484.png 768w\" sizes=\"(max-width: 800px) 100vw, 800px\" title=\"Ic\u00f4ne micro-ondes\" \/>\t\t\t\t\t\t\t\t\t\t\t\t\t\t\t<\/div>\n\t\t\t\t<\/div>\n\t\t\t\t<div class=\"elementor-element elementor-element-ed09ad1 elementor-widget elementor-widget-heading\" data-id=\"ed09ad1\" data-element_type=\"widget\" data-e-type=\"widget\" data-widget_type=\"heading.default\">\n\t\t\t\t<div class=\"elementor-widget-container\">\n\t\t\t\t\t<h5 class=\"elementor-heading-title elementor-size-default\">Micro-ondes<\/h5>\t\t\t\t<\/div>\n\t\t\t\t<\/div>\n\t\t\t\t<div class=\"elementor-element elementor-element-13a3f40 elementor-widget elementor-widget-text-editor\" data-id=\"13a3f40\" data-element_type=\"widget\" data-e-type=\"widget\" data-widget_type=\"text-editor.default\">\n\t\t\t\t<div class=\"elementor-widget-container\">\n\t\t\t\t\t\t\t\t\t<ol>\n<li>Retirer le carr\u00e9 de c\u00f4tes lev\u00e9es de l\u2019emballage et le transf\u00e9rer sur une planche \u00e0 d\u00e9couper.<\/li>\n<li>Couper en deux pour tenir dans un plat allant au micro-ondes.<\/li>\n<li>Badigeonner le demi-carr\u00e9 de c\u00f4tes lev\u00e9es de gla\u00e7age au miel, puis chauffer \u00e0 couvert pendant 2 minutes.<\/li>\n<li>Appliquer le gla\u00e7age au miel une fois de plus, puis chauffer 2 minutes de plus.<\/li>\n<li>Servir et savourer !<\/li>\n<\/ol>\n\t\t\t\t\t\t\t\t<\/div>\n\t\t\t\t<\/div>\n\t\t\t\t<div class=\"elementor-element elementor-element-3939a26 elementor-widget elementor-widget-image\" data-id=\"3939a26\" data-element_type=\"widget\" data-e-type=\"widget\" data-widget_type=\"image.default\">\n\t\t\t\t<div class=\"elementor-widget-container\">\n\t\t\t\t\t\t\t\t\t\t\t\t\t\t\t<img loading=\"lazy\" decoding=\"async\" width=\"800\" height=\"733\" src=\"https:\/\/mandarinretail.com\/wp-content\/uploads\/2023\/09\/icon-bbq.png\" class=\"attachment-large size-large wp-image-1985\" alt=\"Ic\u00f4ne de barbecue ou de gril\" srcset=\"https:\/\/mandarinretail.com\/wp-content\/uploads\/2023\/09\/icon-bbq.png 856w, https:\/\/mandarinretail.com\/wp-content\/uploads\/2023\/09\/icon-bbq-300x275.png 300w, https:\/\/mandarinretail.com\/wp-content\/uploads\/2023\/09\/icon-bbq-768x703.png 768w\" sizes=\"(max-width: 800px) 100vw, 800px\" title=\"Ic\u00f4ne de barbecue ou de gril\" \/>\t\t\t\t\t\t\t\t\t\t\t\t\t\t\t<\/div>\n\t\t\t\t<\/div>\n\t\t\t\t<div class=\"elementor-element elementor-element-2c89ea0 elementor-widget elementor-widget-heading\" data-id=\"2c89ea0\" data-element_type=\"widget\" data-e-type=\"widget\" data-widget_type=\"heading.default\">\n\t\t\t\t<div class=\"elementor-widget-container\">\n\t\t\t\t\t<h5 class=\"elementor-heading-title elementor-size-default\">Gril \/ Barbecue<\/h5>\t\t\t\t<\/div>\n\t\t\t\t<\/div>\n\t\t\t\t<div class=\"elementor-element elementor-element-fe93b77 elementor-widget elementor-widget-text-editor\" data-id=\"fe93b77\" data-element_type=\"widget\" data-e-type=\"widget\" data-widget_type=\"text-editor.default\">\n\t\t\t\t<div class=\"elementor-widget-container\">\n\t\t\t\t\t\t\t\t\t<ol>\n<li>Pr\u00e9chauffer le gril \u00e0 feu moyen-\u00e9lev\u00e9.<\/li>\n<li>Retirer le carr\u00e9 de c\u00f4tes lev\u00e9es de l\u2019emballage, puis le placer sur gril et le badigeonner avec un peu de gla\u00e7age au miel.<\/li>\n<li>Griller de 12 \u00e0 15 minutes. \u00c0 la mi-cuisson, retourner les c\u00f4tes lev\u00e9es et les badigeonner avec le gla\u00e7age restant.<\/li>\n<li>Servir et savourer !<\/li>\n<\/ol>\n\t\t\t\t\t\t\t\t<\/div>\n\t\t\t\t<\/div>\n\t\t\t\t<div class=\"elementor-element elementor-element-a78073f elementor-widget elementor-widget-text-editor\" data-id=\"a78073f\" data-element_type=\"widget\" data-e-type=\"widget\" data-widget_type=\"text-editor.default\">\n\t\t\t\t<div class=\"elementor-widget-container\">\n\t\t\t\t\t\t\t\t\t<p>LE TEMPS DE CUISSON VARIE SELON LES APPAREILS; IL NE S\u2019AGIT ICI QUE D\u2019INDICATIONS.<\/p>\n\t\t\t\t\t\t\t\t<\/div>\n\t\t\t\t<\/div>\n\t\t\t\t\t<\/div>\n\t\t<\/div>\n\t\t\t\t<div class=\"elementor-column elementor-col-33 elementor-inner-column elementor-element elementor-element-2ea0397\" data-id=\"2ea0397\" data-element_type=\"column\" data-e-type=\"column\">\n\t\t\t<div class=\"elementor-widget-wrap elementor-element-populated\">\n\t\t\t\t\t\t<div class=\"elementor-element elementor-element-afd9075 elementor-widget elementor-widget-heading\" data-id=\"afd9075\" data-element_type=\"widget\" data-e-type=\"widget\" data-widget_type=\"heading.default\">\n\t\t\t\t<div class=\"elementor-widget-container\">\n\t\t\t\t\t<h5 class=\"elementor-heading-title elementor-size-default\">Instructions de chauffage (congel\u00e9)<\/h5>\t\t\t\t<\/div>\n\t\t\t\t<\/div>\n\t\t\t\t<div class=\"elementor-element elementor-element-290dacc elementor-widget elementor-widget-text-editor\" data-id=\"290dacc\" data-element_type=\"widget\" data-e-type=\"widget\" data-widget_type=\"text-editor.default\">\n\t\t\t\t<div class=\"elementor-widget-container\">\n\t\t\t\t\t\t\t\t\t<p>D\u00e9congeler avant de faire chauffer. Ne pas recongeler une fois le produit d\u00e9congel\u00e9. D\u00e9congeler dans l\u2019emballage toute la nuit au r\u00e9frig\u00e9rateur ou placer les c\u00f4tes lev\u00e9es, encore dans l\u2019emballage, dans l\u2019eau froide de 20 \u00e0 25 minutes. Chauffer jusqu\u2019\u00e0 l\u2019atteinte d\u2019une temp\u00e9rature interne de 160 \u00b0F (71 \u00b0C).<\/p>\n\t\t\t\t\t\t\t\t<\/div>\n\t\t\t\t<\/div>\n\t\t\t\t<div class=\"elementor-element elementor-element-58de2b7 elementor-widget elementor-widget-image\" data-id=\"58de2b7\" data-element_type=\"widget\" data-e-type=\"widget\" data-widget_type=\"image.default\">\n\t\t\t\t<div class=\"elementor-widget-container\">\n\t\t\t\t\t\t\t\t\t\t\t\t\t\t\t<img decoding=\"async\" width=\"800\" height=\"733\" src=\"https:\/\/mandarinretail.com\/wp-content\/uploads\/2023\/09\/icon-oven.png\" class=\"attachment-large size-large wp-image-1986\" alt=\"Ic\u00f4ne de la cuisini\u00e8re et du four\" srcset=\"https:\/\/mandarinretail.com\/wp-content\/uploads\/2023\/09\/icon-oven.png 856w, https:\/\/mandarinretail.com\/wp-content\/uploads\/2023\/09\/icon-oven-300x275.png 300w, https:\/\/mandarinretail.com\/wp-content\/uploads\/2023\/09\/icon-oven-768x703.png 768w\" sizes=\"(max-width: 800px) 100vw, 800px\" title=\"Ic\u00f4ne de la cuisini\u00e8re et du four\" \/>\t\t\t\t\t\t\t\t\t\t\t\t\t\t\t<\/div>\n\t\t\t\t<\/div>\n\t\t\t\t<div class=\"elementor-element elementor-element-1b58b08 elementor-widget elementor-widget-heading\" data-id=\"1b58b08\" data-element_type=\"widget\" data-e-type=\"widget\" data-widget_type=\"heading.default\">\n\t\t\t\t<div class=\"elementor-widget-container\">\n\t\t\t\t\t<h5 class=\"elementor-heading-title elementor-size-default\">Four (recommand\u00e9)<\/h5>\t\t\t\t<\/div>\n\t\t\t\t<\/div>\n\t\t\t\t<div class=\"elementor-element elementor-element-396c54b elementor-widget elementor-widget-text-editor\" data-id=\"396c54b\" data-element_type=\"widget\" data-e-type=\"widget\" data-widget_type=\"text-editor.default\">\n\t\t\t\t<div class=\"elementor-widget-container\">\n\t\t\t\t\t\t\t\t\t<ol>\n<li>Pr\u00e9chauffer le four \u00e0 400 \u00b0F (204 \u00b0C).<\/li>\n<li>Retirer le carr\u00e9 de c\u00f4tes lev\u00e9es de l\u2019emballage et le placer sur une plaque tapiss\u00e9e de papier d\u2019aluminium.<\/li>\n<li>Badigeonner les c\u00f4tes lev\u00e9es de gla\u00e7age au miel et cuire pendant 20 minutes, en regla\u00e7ant toutes les 10 minutes.<\/li>\n<li>Retirer du four, servir et savourer!<\/li>\n<\/ol>\n\t\t\t\t\t\t\t\t<\/div>\n\t\t\t\t<\/div>\n\t\t\t\t<div class=\"elementor-element elementor-element-8e6ee8f elementor-widget elementor-widget-image\" data-id=\"8e6ee8f\" data-element_type=\"widget\" data-e-type=\"widget\" data-widget_type=\"image.default\">\n\t\t\t\t<div class=\"elementor-widget-container\">\n\t\t\t\t\t\t\t\t\t\t\t\t\t\t\t<img decoding=\"async\" width=\"800\" height=\"505\" src=\"https:\/\/mandarinretail.com\/wp-content\/uploads\/2023\/09\/icon-microwave.png\" class=\"attachment-large size-large wp-image-1989\" alt=\"Ic\u00f4ne micro-ondes\" srcset=\"https:\/\/mandarinretail.com\/wp-content\/uploads\/2023\/09\/icon-microwave.png 856w, https:\/\/mandarinretail.com\/wp-content\/uploads\/2023\/09\/icon-microwave-300x189.png 300w, https:\/\/mandarinretail.com\/wp-content\/uploads\/2023\/09\/icon-microwave-768x484.png 768w\" sizes=\"(max-width: 800px) 100vw, 800px\" title=\"Ic\u00f4ne micro-ondes\" \/>\t\t\t\t\t\t\t\t\t\t\t\t\t\t\t<\/div>\n\t\t\t\t<\/div>\n\t\t\t\t<div class=\"elementor-element elementor-element-40c6faa elementor-widget elementor-widget-heading\" data-id=\"40c6faa\" data-element_type=\"widget\" data-e-type=\"widget\" data-widget_type=\"heading.default\">\n\t\t\t\t<div class=\"elementor-widget-container\">\n\t\t\t\t\t<h5 class=\"elementor-heading-title elementor-size-default\">Micro-ondes<\/h5>\t\t\t\t<\/div>\n\t\t\t\t<\/div>\n\t\t\t\t<div class=\"elementor-element elementor-element-aa5a92b elementor-widget elementor-widget-text-editor\" data-id=\"aa5a92b\" data-element_type=\"widget\" data-e-type=\"widget\" data-widget_type=\"text-editor.default\">\n\t\t\t\t<div class=\"elementor-widget-container\">\n\t\t\t\t\t\t\t\t\t<ol>\n<li>Retirer le carr\u00e9 de c\u00f4tes lev\u00e9es de l\u2019emballage et le transf\u00e9rer sur une planche \u00e0 d\u00e9couper.<\/li>\n<li>Couper en deux pour tenir dans un plat allant au micro-ondes.<\/li>\n<li>Badigeonner le demi-carr\u00e9 de c\u00f4tes lev\u00e9es de gla\u00e7age au miel, puis chauffer \u00e0 couvert pendant 2 minutes.<\/li>\n<li>Appliquer le gla\u00e7age au miel une fois de plus, puis chauffer 2 minutes de plus.<\/li>\n<li>Servir et savourer!<\/li>\n<\/ol>\n\t\t\t\t\t\t\t\t<\/div>\n\t\t\t\t<\/div>\n\t\t\t\t<div class=\"elementor-element elementor-element-e3071cf elementor-widget elementor-widget-image\" data-id=\"e3071cf\" data-element_type=\"widget\" data-e-type=\"widget\" data-widget_type=\"image.default\">\n\t\t\t\t<div class=\"elementor-widget-container\">\n\t\t\t\t\t\t\t\t\t\t\t\t\t\t\t<img loading=\"lazy\" decoding=\"async\" width=\"800\" height=\"733\" src=\"https:\/\/mandarinretail.com\/wp-content\/uploads\/2023\/09\/icon-bbq.png\" class=\"attachment-large size-large wp-image-1985\" alt=\"Ic\u00f4ne de barbecue ou de gril\" srcset=\"https:\/\/mandarinretail.com\/wp-content\/uploads\/2023\/09\/icon-bbq.png 856w, https:\/\/mandarinretail.com\/wp-content\/uploads\/2023\/09\/icon-bbq-300x275.png 300w, https:\/\/mandarinretail.com\/wp-content\/uploads\/2023\/09\/icon-bbq-768x703.png 768w\" sizes=\"(max-width: 800px) 100vw, 800px\" title=\"Ic\u00f4ne de barbecue ou de gril\" \/>\t\t\t\t\t\t\t\t\t\t\t\t\t\t\t<\/div>\n\t\t\t\t<\/div>\n\t\t\t\t<div class=\"elementor-element elementor-element-8e5071a elementor-widget elementor-widget-heading\" data-id=\"8e5071a\" data-element_type=\"widget\" data-e-type=\"widget\" data-widget_type=\"heading.default\">\n\t\t\t\t<div class=\"elementor-widget-container\">\n\t\t\t\t\t<h5 class=\"elementor-heading-title elementor-size-default\">Gril \/ Barbecue<\/h5>\t\t\t\t<\/div>\n\t\t\t\t<\/div>\n\t\t\t\t<div class=\"elementor-element elementor-element-3a79f47 elementor-widget elementor-widget-text-editor\" data-id=\"3a79f47\" data-element_type=\"widget\" data-e-type=\"widget\" data-widget_type=\"text-editor.default\">\n\t\t\t\t<div class=\"elementor-widget-container\">\n\t\t\t\t\t\t\t\t\t<ol>\n<li>Pr\u00e9chauffer le gril \u00e0 feu moyen-\u00e9lev\u00e9.<\/li>\n<li>Retirer le carr\u00e9 de c\u00f4tes lev\u00e9es de l\u2019emballage, puis le placer sur gril et le badigeonner avec un peu de gla\u00e7age au miel.<\/li>\n<li>Griller de 12 \u00e0 15 minutes. \u00c0 la mi-cuisson, retourner les c\u00f4tes lev\u00e9es et les badigeonner avec le gla\u00e7age restant.<\/li>\n<li>Servir et savourer !<\/li>\n<\/ol>\n\t\t\t\t\t\t\t\t<\/div>\n\t\t\t\t<\/div>\n\t\t\t\t<div class=\"elementor-element elementor-element-6988967 elementor-widget elementor-widget-text-editor\" data-id=\"6988967\" data-element_type=\"widget\" data-e-type=\"widget\" data-widget_type=\"text-editor.default\">\n\t\t\t\t<div class=\"elementor-widget-container\">\n\t\t\t\t\t\t\t\t\t<p>LE TEMPS DE CUISSON VARIE SELON LES APPAREILS; IL NE S\u2019AGIT ICI QUE D\u2019INDICATIONS.<\/p>\n\t\t\t\t\t\t\t\t<\/div>\n\t\t\t\t<\/div>\n\t\t\t\t\t<\/div>\n\t\t<\/div>\n\t\t\t\t<div class=\"elementor-column elementor-col-33 elementor-inner-column elementor-element elementor-element-6f43974\" data-id=\"6f43974\" data-element_type=\"column\" data-e-type=\"column\">\n\t\t\t<div class=\"elementor-widget-wrap elementor-element-populated\">\n\t\t\t\t\t\t<div class=\"elementor-element elementor-element-67c5add elementor-widget elementor-widget-image\" data-id=\"67c5add\" data-element_type=\"widget\" data-e-type=\"widget\" data-widget_type=\"image.default\">\n\t\t\t\t<div class=\"elementor-widget-container\">\n\t\t\t\t\t\t\t\t\t\t\t\t\t\t\t<img loading=\"lazy\" decoding=\"async\" width=\"566\" height=\"871\" src=\"https:\/\/mandarinretail.com\/wp-content\/uploads\/2023\/09\/Mandarin-Honey-Garlic-Pork-Back-Ribs-500g-NFT.png\" class=\"attachment-large size-large wp-image-2030\" alt=\"Tableau des valeurs nutritionnelles des c\u00f4tes de dos de porc au miel et \u00e0 l&#039;ail de Mandarin\" srcset=\"https:\/\/mandarinretail.com\/wp-content\/uploads\/2023\/09\/Mandarin-Honey-Garlic-Pork-Back-Ribs-500g-NFT.png 566w, https:\/\/mandarinretail.com\/wp-content\/uploads\/2023\/09\/Mandarin-Honey-Garlic-Pork-Back-Ribs-500g-NFT-195x300.png 195w\" sizes=\"(max-width: 566px) 100vw, 566px\" title=\"Tableau des valeurs nutritionnelles des c\u00f4tes de dos de porc au miel et \u00e0 l&#039;ail de Mandarin\" \/>\t\t\t\t\t\t\t\t\t\t\t\t\t\t\t<\/div>\n\t\t\t\t<\/div>\n\t\t\t\t<div class=\"elementor-element elementor-element-b6b9136 elementor-widget elementor-widget-text-editor\" data-id=\"b6b9136\" data-element_type=\"widget\" data-e-type=\"widget\" data-widget_type=\"text-editor.default\">\n\t\t\t\t<div class=\"elementor-widget-container\">\n\t\t\t\t\t\t\t\t\t<p><strong>Ingr\u00e9dients :<\/strong> C\u00f4tes lev\u00e9es de dos de porc assaisonn\u00e9es : Porc \u2022 Assaisonnement (sucres [sucre de canne, sucre, poudre de miel, extrait de malt d\u2019orge], ail d\u00e9shydrat\u00e9, amidon de ma\u00efs, sel, caramel en poudre, saveur de fum\u00e9e, extrait de levure, saveur [sucres {maltodextrine de pomme de terre, m\u00e9lasse}, f\u00e9cule de tapioca modifi\u00e9e, saveur naturelle]) \u2022 Eau. <br \/><strong>Contient :<\/strong> Orge. Gla\u00e7ure \u00e0 saveur de miel : Sucres (glucose, miel, sucre) \u2022 Eau \u2022 Saveur.<\/p>\n\t\t\t\t\t\t\t\t<\/div>\n\t\t\t\t<\/div>\n\t\t\t\t\t<\/div>\n\t\t<\/div>\n\t\t\t\t\t<\/div>\n\t\t<\/section>\n\t\t\t\t\t<\/div>\n\t\t<\/div>\n\t\t\t\t\t<\/div>\n\t\t<\/section>\n\t\t\t\t<section class=\"elementor-section elementor-top-section elementor-element elementor-element-3d13a34 elementor-section-full_width elementor-section-height-default elementor-section-height-default\" data-id=\"3d13a34\" data-element_type=\"section\" data-e-type=\"section\" data-settings=\"{&quot;background_background&quot;:&quot;classic&quot;}\">\n\t\t\t\t\t\t<div class=\"elementor-container elementor-column-gap-no\">\n\t\t\t\t\t<div class=\"elementor-column elementor-col-100 elementor-top-column elementor-element elementor-element-c935989\" data-id=\"c935989\" data-element_type=\"column\" data-e-type=\"column\">\n\t\t\t<div class=\"elementor-widget-wrap elementor-element-populated\">\n\t\t\t\t\t\t<div class=\"elementor-element elementor-element-40682ad elementor-widget elementor-widget-spacer\" data-id=\"40682ad\" data-element_type=\"widget\" data-e-type=\"widget\" data-widget_type=\"spacer.default\">\n\t\t\t\t<div class=\"elementor-widget-container\">\n\t\t\t\t\t\t\t<div class=\"elementor-spacer\">\n\t\t\t<div class=\"elementor-spacer-inner\"><\/div>\n\t\t<\/div>\n\t\t\t\t\t\t<\/div>\n\t\t\t\t<\/div>\n\t\t\t\t\t<\/div>\n\t\t<\/div>\n\t\t\t\t\t<\/div>\n\t\t<\/section>\n\t\t\t\t<\/div>\n\t\t","protected":false},"excerpt":{"rendered":"<p>Enti\u00e8rement cuit C\u00f4tes lev\u00e9es de porc au miel et \u00e0 l\u2019ail C\u00f4tes de dos de porc tendres et enti\u00e8rement cuites dans une marinade au miel et \u00e0 l\u2019ail. Comprend 1 carr\u00e9 complet et un sachet de gla\u00e7age au miel pour des c\u00f4tes sucr\u00e9es et collantes. Il suffit de les faire cuire au barbecue, au four [&hellip;]<\/p>\n","protected":false},"author":4,"featured_media":0,"parent":0,"menu_order":6,"comment_status":"closed","ping_status":"closed","template":"elementor_header_footer","meta":{"footnotes":""},"class_list":["post-2038","page","type-page","status-publish","hentry"],"yoast_head":"<!-- This site is optimized with the Yoast SEO plugin v27.4 - https:\/\/yoast.com\/product\/yoast-seo-wordpress\/ -->\n<title>C\u00f4tes lev\u00e9es de porc au miel et \u00e0 l\u2019ail - Mandarin Retail<\/title>\n<meta name=\"description\" content=\"C\u00f4tes de dos de porc enti\u00e8rement cuites dans une marinade au miel et \u00e0 l&#039;ail. Un carr\u00e9 complet et un paquet de gla\u00e7age au miel. A cuire au barbecue, au four ou au micro-ondes.\" \/>\n<meta name=\"robots\" content=\"index, follow, max-snippet:-1, max-image-preview:large, max-video-preview:-1\" \/>\n<link rel=\"canonical\" href=\"https:\/\/mandarinretail.com\/fr\/cotes-levees-de-porc-au-miel-et-a-lail\/\" \/>\n<meta property=\"og:locale\" content=\"fr_FR\" \/>\n<meta property=\"og:type\" content=\"article\" \/>\n<meta property=\"og:title\" content=\"C\u00f4tes lev\u00e9es de porc au miel et \u00e0 l\u2019ail - Mandarin Retail\" \/>\n<meta property=\"og:description\" content=\"C\u00f4tes de dos de porc enti\u00e8rement cuites dans une marinade au miel et \u00e0 l&#039;ail. Un carr\u00e9 complet et un paquet de gla\u00e7age au miel. A cuire au barbecue, au four ou au micro-ondes.\" \/>\n<meta property=\"og:url\" content=\"https:\/\/mandarinretail.com\/fr\/cotes-levees-de-porc-au-miel-et-a-lail\/\" \/>\n<meta property=\"og:site_name\" content=\"Mandarin Retail\" \/>\n<meta property=\"article:modified_time\" content=\"2023-10-17T22:39:58+00:00\" \/>\n<meta property=\"og:image\" content=\"https:\/\/mandarinretail.com\/wp-content\/uploads\/2023\/09\/Mandarin-Honey-Garlic-Pork-Back-Ribs-500g.png\" \/>\n<meta name=\"twitter:card\" content=\"summary_large_image\" \/>\n<meta name=\"twitter:label1\" content=\"Dur\u00e9e de lecture estim\u00e9e\" \/>\n\t<meta name=\"twitter:data1\" content=\"5 minutes\" \/>\n<script type=\"application\/ld+json\" class=\"yoast-schema-graph\">{\"@context\":\"https:\\\/\\\/schema.org\",\"@graph\":[{\"@type\":\"WebPage\",\"@id\":\"https:\\\/\\\/mandarinretail.com\\\/fr\\\/cotes-levees-de-porc-au-miel-et-a-lail\\\/\",\"url\":\"https:\\\/\\\/mandarinretail.com\\\/fr\\\/cotes-levees-de-porc-au-miel-et-a-lail\\\/\",\"name\":\"C\u00f4tes lev\u00e9es de porc au miel et \u00e0 l\u2019ail - Mandarin Retail\",\"isPartOf\":{\"@id\":\"https:\\\/\\\/mandarinretail.com\\\/#website\"},\"primaryImageOfPage\":{\"@id\":\"https:\\\/\\\/mandarinretail.com\\\/fr\\\/cotes-levees-de-porc-au-miel-et-a-lail\\\/#primaryimage\"},\"image\":{\"@id\":\"https:\\\/\\\/mandarinretail.com\\\/fr\\\/cotes-levees-de-porc-au-miel-et-a-lail\\\/#primaryimage\"},\"thumbnailUrl\":\"https:\\\/\\\/mandarinretail.com\\\/wp-content\\\/uploads\\\/2023\\\/09\\\/Mandarin-Honey-Garlic-Pork-Back-Ribs-500g.png\",\"datePublished\":\"2023-09-29T03:26:13+00:00\",\"dateModified\":\"2023-10-17T22:39:58+00:00\",\"description\":\"C\u00f4tes de dos de porc enti\u00e8rement cuites dans une marinade au miel et \u00e0 l'ail. Un carr\u00e9 complet et un paquet de gla\u00e7age au miel. A cuire au barbecue, au four ou au micro-ondes.\",\"breadcrumb\":{\"@id\":\"https:\\\/\\\/mandarinretail.com\\\/fr\\\/cotes-levees-de-porc-au-miel-et-a-lail\\\/#breadcrumb\"},\"inLanguage\":\"fr-FR\",\"potentialAction\":[{\"@type\":\"ReadAction\",\"target\":[\"https:\\\/\\\/mandarinretail.com\\\/fr\\\/cotes-levees-de-porc-au-miel-et-a-lail\\\/\"]}]},{\"@type\":\"ImageObject\",\"inLanguage\":\"fr-FR\",\"@id\":\"https:\\\/\\\/mandarinretail.com\\\/fr\\\/cotes-levees-de-porc-au-miel-et-a-lail\\\/#primaryimage\",\"url\":\"https:\\\/\\\/mandarinretail.com\\\/wp-content\\\/uploads\\\/2023\\\/09\\\/Mandarin-Honey-Garlic-Pork-Back-Ribs-500g.png\",\"contentUrl\":\"https:\\\/\\\/mandarinretail.com\\\/wp-content\\\/uploads\\\/2023\\\/09\\\/Mandarin-Honey-Garlic-Pork-Back-Ribs-500g.png\"},{\"@type\":\"BreadcrumbList\",\"@id\":\"https:\\\/\\\/mandarinretail.com\\\/fr\\\/cotes-levees-de-porc-au-miel-et-a-lail\\\/#breadcrumb\",\"itemListElement\":[{\"@type\":\"ListItem\",\"position\":1,\"name\":\"Home\",\"item\":\"https:\\\/\\\/mandarinretail.com\\\/fr\\\/\"},{\"@type\":\"ListItem\",\"position\":2,\"name\":\"C\u00f4tes lev\u00e9es de porc au miel et \u00e0 l\u2019ail\"}]},{\"@type\":\"WebSite\",\"@id\":\"https:\\\/\\\/mandarinretail.com\\\/#website\",\"url\":\"https:\\\/\\\/mandarinretail.com\\\/\",\"name\":\"Mandarin Retail\",\"description\":\"Maintenant disponible chez votre \u00e9picier local.\",\"publisher\":{\"@id\":\"https:\\\/\\\/mandarinretail.com\\\/#organization\"},\"potentialAction\":[{\"@type\":\"SearchAction\",\"target\":{\"@type\":\"EntryPoint\",\"urlTemplate\":\"https:\\\/\\\/mandarinretail.com\\\/?s={search_term_string}\"},\"query-input\":{\"@type\":\"PropertyValueSpecification\",\"valueRequired\":true,\"valueName\":\"search_term_string\"}}],\"inLanguage\":\"fr-FR\"},{\"@type\":\"Organization\",\"@id\":\"https:\\\/\\\/mandarinretail.com\\\/#organization\",\"name\":\"Mandarin Retail\",\"url\":\"https:\\\/\\\/mandarinretail.com\\\/\",\"logo\":{\"@type\":\"ImageObject\",\"inLanguage\":\"fr-FR\",\"@id\":\"https:\\\/\\\/mandarinretail.com\\\/#\\\/schema\\\/logo\\\/image\\\/\",\"url\":\"https:\\\/\\\/mandarinretail.com\\\/wp-content\\\/uploads\\\/2023\\\/09\\\/mandarin-logo.png\",\"contentUrl\":\"https:\\\/\\\/mandarinretail.com\\\/wp-content\\\/uploads\\\/2023\\\/09\\\/mandarin-logo.png\",\"width\":1560,\"height\":340,\"caption\":\"Mandarin Retail\"},\"image\":{\"@id\":\"https:\\\/\\\/mandarinretail.com\\\/#\\\/schema\\\/logo\\\/image\\\/\"}}]}<\/script>\n<!-- \/ Yoast SEO plugin. -->","yoast_head_json":{"title":"C\u00f4tes lev\u00e9es de porc au miel et \u00e0 l\u2019ail - Mandarin Retail","description":"C\u00f4tes de dos de porc enti\u00e8rement cuites dans une marinade au miel et \u00e0 l'ail. Un carr\u00e9 complet et un paquet de gla\u00e7age au miel. A cuire au barbecue, au four ou au micro-ondes.","robots":{"index":"index","follow":"follow","max-snippet":"max-snippet:-1","max-image-preview":"max-image-preview:large","max-video-preview":"max-video-preview:-1"},"canonical":"https:\/\/mandarinretail.com\/fr\/cotes-levees-de-porc-au-miel-et-a-lail\/","og_locale":"fr_FR","og_type":"article","og_title":"C\u00f4tes lev\u00e9es de porc au miel et \u00e0 l\u2019ail - Mandarin Retail","og_description":"C\u00f4tes de dos de porc enti\u00e8rement cuites dans une marinade au miel et \u00e0 l'ail. Un carr\u00e9 complet et un paquet de gla\u00e7age au miel. A cuire au barbecue, au four ou au micro-ondes.","og_url":"https:\/\/mandarinretail.com\/fr\/cotes-levees-de-porc-au-miel-et-a-lail\/","og_site_name":"Mandarin Retail","article_modified_time":"2023-10-17T22:39:58+00:00","og_image":[{"url":"https:\/\/mandarinretail.com\/wp-content\/uploads\/2023\/09\/Mandarin-Honey-Garlic-Pork-Back-Ribs-500g.png","type":"","width":"","height":""}],"twitter_card":"summary_large_image","twitter_misc":{"Dur\u00e9e de lecture estim\u00e9e":"5 minutes"},"schema":{"@context":"https:\/\/schema.org","@graph":[{"@type":"WebPage","@id":"https:\/\/mandarinretail.com\/fr\/cotes-levees-de-porc-au-miel-et-a-lail\/","url":"https:\/\/mandarinretail.com\/fr\/cotes-levees-de-porc-au-miel-et-a-lail\/","name":"C\u00f4tes lev\u00e9es de porc au miel et \u00e0 l\u2019ail - Mandarin Retail","isPartOf":{"@id":"https:\/\/mandarinretail.com\/#website"},"primaryImageOfPage":{"@id":"https:\/\/mandarinretail.com\/fr\/cotes-levees-de-porc-au-miel-et-a-lail\/#primaryimage"},"image":{"@id":"https:\/\/mandarinretail.com\/fr\/cotes-levees-de-porc-au-miel-et-a-lail\/#primaryimage"},"thumbnailUrl":"https:\/\/mandarinretail.com\/wp-content\/uploads\/2023\/09\/Mandarin-Honey-Garlic-Pork-Back-Ribs-500g.png","datePublished":"2023-09-29T03:26:13+00:00","dateModified":"2023-10-17T22:39:58+00:00","description":"C\u00f4tes de dos de porc enti\u00e8rement cuites dans une marinade au miel et \u00e0 l'ail. Un carr\u00e9 complet et un paquet de gla\u00e7age au miel. A cuire au barbecue, au four ou au micro-ondes.","breadcrumb":{"@id":"https:\/\/mandarinretail.com\/fr\/cotes-levees-de-porc-au-miel-et-a-lail\/#breadcrumb"},"inLanguage":"fr-FR","potentialAction":[{"@type":"ReadAction","target":["https:\/\/mandarinretail.com\/fr\/cotes-levees-de-porc-au-miel-et-a-lail\/"]}]},{"@type":"ImageObject","inLanguage":"fr-FR","@id":"https:\/\/mandarinretail.com\/fr\/cotes-levees-de-porc-au-miel-et-a-lail\/#primaryimage","url":"https:\/\/mandarinretail.com\/wp-content\/uploads\/2023\/09\/Mandarin-Honey-Garlic-Pork-Back-Ribs-500g.png","contentUrl":"https:\/\/mandarinretail.com\/wp-content\/uploads\/2023\/09\/Mandarin-Honey-Garlic-Pork-Back-Ribs-500g.png"},{"@type":"BreadcrumbList","@id":"https:\/\/mandarinretail.com\/fr\/cotes-levees-de-porc-au-miel-et-a-lail\/#breadcrumb","itemListElement":[{"@type":"ListItem","position":1,"name":"Home","item":"https:\/\/mandarinretail.com\/fr\/"},{"@type":"ListItem","position":2,"name":"C\u00f4tes lev\u00e9es de porc au miel et \u00e0 l\u2019ail"}]},{"@type":"WebSite","@id":"https:\/\/mandarinretail.com\/#website","url":"https:\/\/mandarinretail.com\/","name":"Mandarin Retail","description":"Maintenant disponible chez votre \u00e9picier local.","publisher":{"@id":"https:\/\/mandarinretail.com\/#organization"},"potentialAction":[{"@type":"SearchAction","target":{"@type":"EntryPoint","urlTemplate":"https:\/\/mandarinretail.com\/?s={search_term_string}"},"query-input":{"@type":"PropertyValueSpecification","valueRequired":true,"valueName":"search_term_string"}}],"inLanguage":"fr-FR"},{"@type":"Organization","@id":"https:\/\/mandarinretail.com\/#organization","name":"Mandarin Retail","url":"https:\/\/mandarinretail.com\/","logo":{"@type":"ImageObject","inLanguage":"fr-FR","@id":"https:\/\/mandarinretail.com\/#\/schema\/logo\/image\/","url":"https:\/\/mandarinretail.com\/wp-content\/uploads\/2023\/09\/mandarin-logo.png","contentUrl":"https:\/\/mandarinretail.com\/wp-content\/uploads\/2023\/09\/mandarin-logo.png","width":1560,"height":340,"caption":"Mandarin Retail"},"image":{"@id":"https:\/\/mandarinretail.com\/#\/schema\/logo\/image\/"}}]}},"_links":{"self":[{"href":"https:\/\/mandarinretail.com\/fr\/wp-json\/wp\/v2\/pages\/2038","targetHints":{"allow":["GET"]}}],"collection":[{"href":"https:\/\/mandarinretail.com\/fr\/wp-json\/wp\/v2\/pages"}],"about":[{"href":"https:\/\/mandarinretail.com\/fr\/wp-json\/wp\/v2\/types\/page"}],"author":[{"embeddable":true,"href":"https:\/\/mandarinretail.com\/fr\/wp-json\/wp\/v2\/users\/4"}],"replies":[{"embeddable":true,"href":"https:\/\/mandarinretail.com\/fr\/wp-json\/wp\/v2\/comments?post=2038"}],"version-history":[{"count":5,"href":"https:\/\/mandarinretail.com\/fr\/wp-json\/wp\/v2\/pages\/2038\/revisions"}],"predecessor-version":[{"id":2519,"href":"https:\/\/mandarinretail.com\/fr\/wp-json\/wp\/v2\/pages\/2038\/revisions\/2519"}],"wp:attachment":[{"href":"https:\/\/mandarinretail.com\/fr\/wp-json\/wp\/v2\/media?parent=2038"}],"curies":[{"name":"wp","href":"https:\/\/api.w.org\/{rel}","templated":true}]}}